{"id":899,"date":"2022-06-27T18:11:10","date_gmt":"2022-06-27T16:11:10","guid":{"rendered":"https:\/\/nachhilfe.schulen-nl.de\/nachhilfee-wp\/?page_id=899"},"modified":"2025-11-05T19:49:58","modified_gmt":"2025-11-05T18:49:58","slug":"stories-erfolge","status":"publish","type":"page","link":"https:\/\/nachhilfe.schulen-nl.de\/nachhilfee-wp\/stories-erfolge\/","title":{"rendered":"Stories &#038; Erfolge"},"content":{"rendered":"\t\t<div data-elementor-type=\"wp-page\" data-elementor-id=\"899\" class=\"elementor elementor-899\" data-elementor-post-type=\"page\">\n\t\t\t\t\t\t<section class=\"elementor-section elementor-top-section elementor-element elementor-element-55ce2c86 elementor-section-full_width elementor-section-height-default elementor-section-height-default\" data-id=\"55ce2c86\" data-element_type=\"section\" data-e-type=\"section\">\n\t\t\t\t\t\t<div class=\"elementor-container elementor-column-gap-default\">\n\t\t\t\t\t<div class=\"elementor-column elementor-col-100 elementor-top-column elementor-element elementor-element-f466466\" data-id=\"f466466\" data-element_type=\"column\" data-e-type=\"column\">\n\t\t\t<div class=\"elementor-widget-wrap elementor-element-populated\">\n\t\t\t\t\t\t<div class=\"elementor-element elementor-element-310664e5 elementor-widget elementor-widget-template\" data-id=\"310664e5\" data-element_type=\"widget\" data-e-type=\"widget\" data-widget_type=\"template.default\">\n\t\t\t\t<div class=\"elementor-widget-container\">\n\t\t\t\t\t\t\t<div class=\"elementor-template\">\n\t\t\t\t\t<div data-elementor-type=\"section\" data-elementor-id=\"1231\" class=\"elementor elementor-1231\" data-elementor-post-type=\"elementor_library\">\n\t\t\t\t\t<section class=\"elementor-section elementor-top-section elementor-element elementor-element-66c28d40 elementor-hidden-desktop elementor-reverse-tablet elementor-reverse-mobile elementor-section-boxed elementor-section-height-default elementor-section-height-default\" data-id=\"66c28d40\" data-element_type=\"section\" data-e-type=\"section\" data-settings=\"{&quot;background_background&quot;:&quot;classic&quot;}\">\n\t\t\t\t\t\t\t<div class=\"elementor-background-overlay\"><\/div>\n\t\t\t\t\t\t\t<div class=\"elementor-container elementor-column-gap-default\">\n\t\t\t\t\t<div class=\"elementor-column elementor-col-100 elementor-top-column elementor-element elementor-element-e4de3ec\" data-id=\"e4de3ec\" data-element_type=\"column\" data-e-type=\"column\">\n\t\t\t<div class=\"elementor-widget-wrap elementor-element-populated\">\n\t\t\t\t\t\t<div class=\"elementor-element elementor-element-70b7f1b2 elementor-widget elementor-widget-text-editor\" data-id=\"70b7f1b2\" data-element_type=\"widget\" data-e-type=\"widget\" data-widget_type=\"text-editor.default\">\n\t\t\t\t<div class=\"elementor-widget-container\">\n\t\t\t\t\t\t\t\t\t<h5 style=\"margin-bottom: 5px;\"><strong>AUSGEZEICHNET<\/strong><\/h5>\ndurch den Bundespreis \u201eMehrgenerationenhaus <strong>#GemeinsamMehr\u201c<\/strong>\t\t\t\t\t\t\t\t<\/div>\n\t\t\t\t<\/div>\n\t\t\t\t\t<\/div>\n\t\t<\/div>\n\t\t\t\t\t<\/div>\n\t\t<\/section>\n\t\t\t\t<section class=\"elementor-section elementor-top-section elementor-element elementor-element-d814746 elementor-section-full_width elementor-reverse-tablet elementor-reverse-mobile elementor-section-height-default elementor-section-height-default\" data-id=\"d814746\" data-element_type=\"section\" data-e-type=\"section\" data-settings=\"{&quot;background_background&quot;:&quot;classic&quot;}\">\n\t\t\t\t\t\t<div class=\"elementor-container elementor-column-gap-default\">\n\t\t\t\t\t<div class=\"elementor-column elementor-col-25 elementor-top-column elementor-element elementor-element-383d86ef\" data-id=\"383d86ef\" data-element_type=\"column\" data-e-type=\"column\">\n\t\t\t<div class=\"elementor-widget-wrap\">\n\t\t\t\t\t\t\t<\/div>\n\t\t<\/div>\n\t\t\t\t<div class=\"elementor-column elementor-col-50 elementor-top-column elementor-element elementor-element-6e49746b\" data-id=\"6e49746b\" data-element_type=\"column\" data-e-type=\"column\">\n\t\t\t<div class=\"elementor-widget-wrap elementor-element-populated\">\n\t\t\t\t\t\t<div class=\"elementor-element elementor-element-29c984e elementor-invisible elementor-widget elementor-widget-global elementor-global-1333 elementor-widget-heading\" data-id=\"29c984e\" data-element_type=\"widget\" data-e-type=\"widget\" data-settings=\"{&quot;_animation&quot;:&quot;fadeInLeft&quot;}\" data-widget_type=\"heading.default\">\n\t\t\t\t<div class=\"elementor-widget-container\">\n\t\t\t\t\t<h1 class=\"elementor-heading-title elementor-size-default\"><mark>Stories &#038; Erfolge<\/mark><\/h1>\t\t\t\t<\/div>\n\t\t\t\t<\/div>\n\t\t\t\t<section class=\"elementor-section elementor-inner-section elementor-element elementor-element-f1ed8b8 elementor-section-boxed elementor-section-height-default elementor-section-height-default\" data-id=\"f1ed8b8\" data-element_type=\"section\" data-e-type=\"section\">\n\t\t\t\t\t\t<div class=\"elementor-container elementor-column-gap-default\">\n\t\t\t\t\t<div class=\"elementor-column elementor-col-100 elementor-inner-column elementor-element elementor-element-f2603d3\" data-id=\"f2603d3\" data-element_type=\"column\" data-e-type=\"column\">\n\t\t\t<div class=\"elementor-widget-wrap elementor-element-populated\">\n\t\t\t\t\t\t<div class=\"elementor-element elementor-element-7c950202 elementor-widget__width-initial elementor-widget-tablet__width-initial elementor-invisible elementor-widget elementor-widget-image\" data-id=\"7c950202\" data-element_type=\"widget\" data-e-type=\"widget\" data-settings=\"{&quot;_animation&quot;:&quot;zoomIn&quot;,&quot;_animation_delay&quot;:400}\" data-widget_type=\"image.default\">\n\t\t\t\t<div class=\"elementor-widget-container\">\n\t\t\t\t\t\t\t\t\t\t\t\t\t\t\t<img decoding=\"async\" src=\"https:\/\/nachhilfe.schulen-nl.de\/nachhilfee-wp\/wp-content\/uploads\/2022\/06\/Star-3.svg\" title=\"Star-3\" alt=\"Star-3\" loading=\"lazy\" \/>\t\t\t\t\t\t\t\t\t\t\t\t\t\t\t<\/div>\n\t\t\t\t<\/div>\n\t\t\t\t<div class=\"elementor-element elementor-element-3d3086e3 elementor-widget__width-initial elementor-invisible elementor-widget elementor-widget-image\" data-id=\"3d3086e3\" data-element_type=\"widget\" data-e-type=\"widget\" data-settings=\"{&quot;_animation&quot;:&quot;zoomIn&quot;,&quot;_animation_delay&quot;:700}\" data-widget_type=\"image.default\">\n\t\t\t\t<div class=\"elementor-widget-container\">\n\t\t\t\t\t\t\t\t\t\t\t\t\t\t\t<img decoding=\"async\" src=\"https:\/\/nachhilfe.schulen-nl.de\/nachhilfee-wp\/wp-content\/uploads\/2022\/06\/Star-3.svg\" title=\"Star-3\" alt=\"Star-3\" loading=\"lazy\" \/>\t\t\t\t\t\t\t\t\t\t\t\t\t\t\t<\/div>\n\t\t\t\t<\/div>\n\t\t\t\t\t<\/div>\n\t\t<\/div>\n\t\t\t\t\t<\/div>\n\t\t<\/section>\n\t\t\t\t\t<\/div>\n\t\t<\/div>\n\t\t\t\t<div class=\"elementor-column elementor-col-25 elementor-top-column elementor-element elementor-element-1e740f27 elementor-hidden-mobile elementor-hidden-tablet elementor-invisible\" data-id=\"1e740f27\" data-element_type=\"column\" data-e-type=\"column\" id=\"award\" data-settings=\"{&quot;animation&quot;:&quot;rotateInDownRight&quot;,&quot;animation_delay&quot;:700,&quot;background_background&quot;:&quot;classic&quot;}\">\n\t\t\t<div class=\"elementor-widget-wrap elementor-element-populated\">\n\t\t\t\t\t\t<div class=\"elementor-element elementor-element-7b7c7b58 elementor-widget elementor-widget-text-editor\" data-id=\"7b7c7b58\" data-element_type=\"widget\" data-e-type=\"widget\" data-widget_type=\"text-editor.default\">\n\t\t\t\t<div class=\"elementor-widget-container\">\n\t\t\t\t\t\t\t\t\t<p>AUSGEZEICHNET<\/p>\t\t\t\t\t\t\t\t<\/div>\n\t\t\t\t<\/div>\n\t\t\t\t<div class=\"elementor-element elementor-element-50092c0 elementor-widget elementor-widget-text-editor\" data-id=\"50092c0\" data-element_type=\"widget\" data-e-type=\"widget\" data-widget_type=\"text-editor.default\">\n\t\t\t\t<div class=\"elementor-widget-container\">\n\t\t\t\t\t\t\t\t\t<p>durch den Bundespreis \u201eMehrgenerationenhaus<strong> #GemeinsamMehr\u201c<\/strong><\/p>\t\t\t\t\t\t\t\t<\/div>\n\t\t\t\t<\/div>\n\t\t\t\t<div class=\"elementor-element elementor-element-44f2d3d elementor-widget elementor-widget-image\" data-id=\"44f2d3d\" data-element_type=\"widget\" data-e-type=\"widget\" data-widget_type=\"image.default\">\n\t\t\t\t<div class=\"elementor-widget-container\">\n\t\t\t\t\t\t\t\t\t\t\t\t\t\t\t\t<a href=\"https:\/\/www.bmfsfj.de\/bmfsfj\/aktuelles\/alle-meldungen\/sechs-mehrgenerationenhaeuser-ausgezeichnet-197080\" target=\"_blank\">\n\t\t\t\t\t\t\t<img fetchpriority=\"high\" decoding=\"async\" width=\"800\" height=\"282\" src=\"https:\/\/nachhilfe.schulen-nl.de\/nachhilfee-wp\/wp-content\/uploads\/2022\/06\/mgh_logo.svg\" class=\"attachment-large size-large wp-image-384\" alt=\"\" \/>\t\t\t\t\t\t\t\t<\/a>\n\t\t\t\t\t\t\t\t\t\t\t\t\t\t\t<\/div>\n\t\t\t\t<\/div>\n\t\t\t\t\t<\/div>\n\t\t<\/div>\n\t\t\t\t\t<\/div>\n\t\t<\/section>\n\t\t\t\t<\/div>\n\t\t\t\t<\/div>\n\t\t\t\t\t\t<\/div>\n\t\t\t\t<\/div>\n\t\t\t\t\t<\/div>\n\t\t<\/div>\n\t\t\t\t\t<\/div>\n\t\t<\/section>\n\t\t\t\t<section class=\"elementor-section elementor-top-section elementor-element elementor-element-2d1e4cb elementor-section-full_width elementor-section-height-default elementor-section-height-default\" data-id=\"2d1e4cb\" data-element_type=\"section\" data-e-type=\"section\" data-settings=\"{&quot;background_background&quot;:&quot;classic&quot;}\">\n\t\t\t\t\t\t<div class=\"elementor-container elementor-column-gap-default\">\n\t\t\t\t\t<div class=\"elementor-column elementor-col-100 elementor-top-column elementor-element elementor-element-b2850d1\" data-id=\"b2850d1\" data-element_type=\"column\" data-e-type=\"column\">\n\t\t\t<div class=\"elementor-widget-wrap elementor-element-populated\">\n\t\t\t\t\t\t<div class=\"elementor-element elementor-element-63e5108 elementor-headline--style-highlight elementor-widget elementor-widget-animated-headline\" data-id=\"63e5108\" data-element_type=\"widget\" data-e-type=\"widget\" data-settings=\"{&quot;marker&quot;:&quot;underline_zigzag&quot;,&quot;highlighted_text&quot;:&quot;gl\\u00fcckliche&quot;,&quot;headline_style&quot;:&quot;highlight&quot;,&quot;loop&quot;:&quot;yes&quot;,&quot;highlight_animation_duration&quot;:1200,&quot;highlight_iteration_delay&quot;:8000}\" data-widget_type=\"animated-headline.default\">\n\t\t\t\t<div class=\"elementor-widget-container\">\n\t\t\t\t\t\t\t<h3 class=\"elementor-headline\">\n\t\t\t\t\t<span class=\"elementor-headline-plain-text elementor-headline-text-wrapper\">Viele<\/span>\n\t\t\t\t<span class=\"elementor-headline-dynamic-wrapper elementor-headline-text-wrapper\">\n\t\t\t\t\t<span class=\"elementor-headline-dynamic-text elementor-headline-text-active\">gl\u00fcckliche<\/span>\n\t\t\t\t<\/span>\n\t\t\t\t\t<span class=\"elementor-headline-plain-text elementor-headline-text-wrapper\"><br>Sch\u00fcler*innen &amp; NachhilFEEn<\/span>\n\t\t\t\t\t<\/h3>\n\t\t\t\t\t\t<\/div>\n\t\t\t\t<\/div>\n\t\t\t\t<section class=\"elementor-section elementor-inner-section elementor-element elementor-element-5b8599c elementor-section-full_width elementor-section-content-middle elementor-section-height-default elementor-section-height-default\" data-id=\"5b8599c\" data-element_type=\"section\" data-e-type=\"section\">\n\t\t\t\t\t\t<div class=\"elementor-container elementor-column-gap-default\">\n\t\t\t\t\t<div class=\"elementor-column elementor-col-50 elementor-inner-column elementor-element elementor-element-cefa570\" data-id=\"cefa570\" data-element_type=\"column\" data-e-type=\"column\">\n\t\t\t<div class=\"elementor-widget-wrap elementor-element-populated\">\n\t\t\t\t\t\t<div class=\"elementor-element elementor-element-4cd5095 elementor-widget elementor-widget-text-editor\" data-id=\"4cd5095\" data-element_type=\"widget\" data-e-type=\"widget\" data-widget_type=\"text-editor.default\">\n\t\t\t\t<div class=\"elementor-widget-container\">\n\t\t\t\t\t\t\t\t\t<p>Mittlerweile nehmen knapp <strong>43\u00a0der Grund- und Mittelschulen<\/strong> in\u00a0 den <strong>Landkreisen N\u00fcrnberger Land <\/strong>und <strong>Roth<\/strong> das NachhilFEE Angebot seit dem Schuljahr 2021\/2022 in Anspruch. In Rahmen einer Kooperation mit gemeinsam. Br\u00fccken. bauen., dem F\u00f6rderprogramm der Bayerischen Staatsregierung.<\/p><p>Rund 150 <strong>flei\u00dfige Feen<\/strong> k\u00fcmmern sich aktuell um die Sch\u00fcler und Sch\u00fclerinnen. Das Projekt <strong>NachhilFEE geht auch im Schuljahr 2025\/2026 weiter<\/strong>, unter Einbeziehung weiterer Grund- und Mittelschulen im Landkreis. In diesem Schuljahr wurde das Projekt auf alle Grund- und Mittelschulen im N\u00fcrnberger Landausgeweitet werden.<\/p><p>\u00a0<\/p>\t\t\t\t\t\t\t\t<\/div>\n\t\t\t\t<\/div>\n\t\t\t\t\t<\/div>\n\t\t<\/div>\n\t\t\t\t<div class=\"elementor-column elementor-col-50 elementor-inner-column elementor-element elementor-element-6a38c57\" data-id=\"6a38c57\" data-element_type=\"column\" data-e-type=\"column\">\n\t\t\t<div class=\"elementor-widget-wrap elementor-element-populated\">\n\t\t\t\t\t\t<div class=\"elementor-element elementor-element-9a7b378 elementor-invisible elementor-widget elementor-widget-image\" data-id=\"9a7b378\" data-element_type=\"widget\" data-e-type=\"widget\" data-settings=\"{&quot;_animation&quot;:&quot;fadeIn&quot;}\" data-widget_type=\"image.default\">\n\t\t\t\t<div class=\"elementor-widget-container\">\n\t\t\t\t\t\t\t\t\t\t\t\t\t\t\t<img decoding=\"async\" width=\"800\" height=\"435\" src=\"https:\/\/nachhilfe.schulen-nl.de\/nachhilfee-wp\/wp-content\/uploads\/2022\/06\/Nachhilfee__Sch_lerhilfe_Wexler_Corona_J_kelJPG-crop-1024x557.jpg\" class=\"attachment-large size-large wp-image-916\" alt=\"\" srcset=\"https:\/\/nachhilfe.schulen-nl.de\/nachhilfee-wp\/wp-content\/uploads\/2022\/06\/Nachhilfee__Sch_lerhilfe_Wexler_Corona_J_kelJPG-crop-1024x557.jpg 1024w, https:\/\/nachhilfe.schulen-nl.de\/nachhilfee-wp\/wp-content\/uploads\/2022\/06\/Nachhilfee__Sch_lerhilfe_Wexler_Corona_J_kelJPG-crop-300x163.jpg 300w, https:\/\/nachhilfe.schulen-nl.de\/nachhilfee-wp\/wp-content\/uploads\/2022\/06\/Nachhilfee__Sch_lerhilfe_Wexler_Corona_J_kelJPG-crop-768x418.jpg 768w, https:\/\/nachhilfe.schulen-nl.de\/nachhilfee-wp\/wp-content\/uploads\/2022\/06\/Nachhilfee__Sch_lerhilfe_Wexler_Corona_J_kelJPG-crop-1536x836.jpg 1536w, https:\/\/nachhilfe.schulen-nl.de\/nachhilfee-wp\/wp-content\/uploads\/2022\/06\/Nachhilfee__Sch_lerhilfe_Wexler_Corona_J_kelJPG-crop-2048x1114.jpg 2048w\" sizes=\"(max-width: 800px) 100vw, 800px\" \/>\t\t\t\t\t\t\t\t\t\t\t\t\t\t\t<\/div>\n\t\t\t\t<\/div>\n\t\t\t\t\t<\/div>\n\t\t<\/div>\n\t\t\t\t\t<\/div>\n\t\t<\/section>\n\t\t\t\t\t<\/div>\n\t\t<\/div>\n\t\t\t\t\t<\/div>\n\t\t<\/section>\n\t\t\t\t<section class=\"elementor-section elementor-top-section elementor-element elementor-element-b57379d elementor-section-boxed elementor-section-height-default elementor-section-height-default\" data-id=\"b57379d\" data-element_type=\"section\" data-e-type=\"section\" data-settings=\"{&quot;background_background&quot;:&quot;classic&quot;}\">\n\t\t\t\t\t\t<div class=\"elementor-container elementor-column-gap-default\">\n\t\t\t\t\t<div class=\"elementor-column elementor-col-100 elementor-top-column elementor-element elementor-element-be52f97\" data-id=\"be52f97\" data-element_type=\"column\" data-e-type=\"column\">\n\t\t\t<div class=\"elementor-widget-wrap elementor-element-populated\">\n\t\t\t\t\t\t<div class=\"elementor-element elementor-element-16be6fc elementor-widget elementor-widget-heading\" data-id=\"16be6fc\" data-element_type=\"widget\" data-e-type=\"widget\" data-widget_type=\"heading.default\">\n\t\t\t\t<div class=\"elementor-widget-container\">\n\t\t\t\t\t<h2 class=\"elementor-heading-title elementor-size-default\">Presseberichte<\/h2>\t\t\t\t<\/div>\n\t\t\t\t<\/div>\n\t\t\t\t<div class=\"elementor-element elementor-element-28268b4 elementor-list-item-link-inline elementor-align-start elementor-icon-list--layout-traditional elementor-invisible elementor-widget elementor-widget-icon-list\" data-id=\"28268b4\" data-element_type=\"widget\" data-e-type=\"widget\" data-settings=\"{&quot;_animation&quot;:&quot;fadeIn&quot;}\" data-widget_type=\"icon-list.default\">\n\t\t\t\t<div class=\"elementor-widget-container\">\n\t\t\t\t\t\t\t<ul class=\"elementor-icon-list-items\">\n\t\t\t\t\t\t\t<li class=\"elementor-icon-list-item\">\n\t\t\t\t\t\t\t\t\t\t\t<a href=\"https:\/\/nachhilfe.schulen-nl.de\/nachhilfee-wp\/wp-content\/uploads\/2025\/11\/2025-10-31-Hilpolsteiner-Kurier-Schirmherr-spendet.pdf\">\n\n\t\t\t\t\t\t\t\t\t\t\t\t<span class=\"elementor-icon-list-icon\">\n\t\t\t\t\t\t\t<i aria-hidden=\"true\" class=\"far fa-file-pdf\"><\/i>\t\t\t\t\t\t<\/span>\n\t\t\t\t\t\t\t\t\t\t<span class=\"elementor-icon-list-text\"><strong>Hilpoltsteiner Kurier<\/strong> \u2013 Schirmherr stiftet sein Preisgeld<\/span>\n\t\t\t\t\t\t\t\t\t\t\t<\/a>\n\t\t\t\t\t\t\t\t\t<\/li>\n\t\t\t\t\t\t\t\t<li class=\"elementor-icon-list-item\">\n\t\t\t\t\t\t\t\t\t\t\t<a href=\"https:\/\/nachhilfe.schulen-nl.de\/nachhilfee-wp\/wp-content\/uploads\/2023\/08\/PZ-12-08-2023-Kurlbaum-Stiftung-Spende-nschhilFEE.pdf\">\n\n\t\t\t\t\t\t\t\t\t\t\t\t<span class=\"elementor-icon-list-icon\">\n\t\t\t\t\t\t\t<i aria-hidden=\"true\" class=\"far fa-file-pdf\"><\/i>\t\t\t\t\t\t<\/span>\n\t\t\t\t\t\t\t\t\t\t<span class=\"elementor-icon-list-text\"><strong>Pegnitz Zeitung<\/strong> \u2013 Geld f\u00fcr Nachhilfe und gegen Sorgen<\/span>\n\t\t\t\t\t\t\t\t\t\t\t<\/a>\n\t\t\t\t\t\t\t\t\t<\/li>\n\t\t\t\t\t\t\t\t<li class=\"elementor-icon-list-item\">\n\t\t\t\t\t\t\t\t\t\t\t<a href=\"https:\/\/nachhilfe.schulen-nl.de\/nachhilfee-wp\/wp-content\/uploads\/2022\/07\/Bundespreis_NachhilFEE_-Pegnitz_Zeitung_24_5_2022.pdf\">\n\n\t\t\t\t\t\t\t\t\t\t\t\t<span class=\"elementor-icon-list-icon\">\n\t\t\t\t\t\t\t<i aria-hidden=\"true\" class=\"far fa-file-pdf\"><\/i>\t\t\t\t\t\t<\/span>\n\t\t\t\t\t\t\t\t\t\t<span class=\"elementor-icon-list-text\"><strong>Pegnitz Zeitung<\/strong> \u2013 Von einer kleinen Idee zur gro\u00dfen Bewegung<\/span>\n\t\t\t\t\t\t\t\t\t\t\t<\/a>\n\t\t\t\t\t\t\t\t\t<\/li>\n\t\t\t\t\t\t\t\t<li class=\"elementor-icon-list-item\">\n\t\t\t\t\t\t\t\t\t\t\t<a href=\"https:\/\/nachhilfe.schulen-nl.de\/nachhilfee-wp\/wp-content\/uploads\/2022\/07\/Bundespreis-fu\u0308r-\u201eNachhilFEE-Nu\u0308rnberger-Land-nn.de_.pdf\">\n\n\t\t\t\t\t\t\t\t\t\t\t\t<span class=\"elementor-icon-list-icon\">\n\t\t\t\t\t\t\t<i aria-hidden=\"true\" class=\"far fa-file-pdf\"><\/i>\t\t\t\t\t\t<\/span>\n\t\t\t\t\t\t\t\t\t\t<span class=\"elementor-icon-list-text\"><strong>N\u00fcrnberger Nachrichten<\/strong> \u2013 Bundespreis f\u00fcr \"NachhilFEE\"<\/span>\n\t\t\t\t\t\t\t\t\t\t\t<\/a>\n\t\t\t\t\t\t\t\t\t<\/li>\n\t\t\t\t\t\t\t\t<li class=\"elementor-icon-list-item\">\n\t\t\t\t\t\t\t\t\t\t\t<a href=\"https:\/\/nachhilfe.schulen-nl.de\/nachhilfee-wp\/wp-content\/uploads\/2022\/07\/Artikel-Pegnitz-Zeitung-rotated.jpg\">\n\n\t\t\t\t\t\t\t\t\t\t\t\t<span class=\"elementor-icon-list-icon\">\n\t\t\t\t\t\t\t<i aria-hidden=\"true\" class=\"far fa-file-image\"><\/i>\t\t\t\t\t\t<\/span>\n\t\t\t\t\t\t\t\t\t\t<span class=\"elementor-icon-list-text\"><strong>Pegnitz Zeitung<\/strong> \u2013 Nach der Schule kommt die \"NachhilFEE\"<\/span>\n\t\t\t\t\t\t\t\t\t\t\t<\/a>\n\t\t\t\t\t\t\t\t\t<\/li>\n\t\t\t\t\t\t\t\t<li class=\"elementor-icon-list-item\">\n\t\t\t\t\t\t\t\t\t\t\t<a href=\"https:\/\/nachhilfe.schulen-nl.de\/nachhilfee-wp\/wp-content\/uploads\/2022\/07\/n-land-de-lokales-hilfsprojekt-nachhilfee-wird-erweitert.pdf\">\n\n\t\t\t\t\t\t\t\t\t\t\t\t<span class=\"elementor-icon-list-icon\">\n\t\t\t\t\t\t\t<i aria-hidden=\"true\" class=\"far fa-file-pdf\"><\/i>\t\t\t\t\t\t<\/span>\n\t\t\t\t\t\t\t\t\t\t<span class=\"elementor-icon-list-text\"><strong>N-Land<\/strong> \u2013 Hilfsprojekt \"NachhilFEE\" wird erweitert<\/span>\n\t\t\t\t\t\t\t\t\t\t\t<\/a>\n\t\t\t\t\t\t\t\t\t<\/li>\n\t\t\t\t\t\t\t\t<li class=\"elementor-icon-list-item\">\n\t\t\t\t\t\t\t\t\t\t\t<a href=\"https:\/\/nachhilfe.schulen-nl.de\/nachhilfee-wp\/wp-content\/uploads\/2022\/07\/Pressinfo_Projekt-NachhilFEE-im-Nu\u0308rnberger-Land.pdf\" target=\"_blank\">\n\n\t\t\t\t\t\t\t\t\t\t\t\t<span class=\"elementor-icon-list-icon\">\n\t\t\t\t\t\t\t<i aria-hidden=\"true\" class=\"far fa-file-pdf\"><\/i>\t\t\t\t\t\t<\/span>\n\t\t\t\t\t\t\t\t\t\t<span class=\"elementor-icon-list-text\"><strong>Presseinfo<\/strong> \u2013 Projekt \"NachhilFEE\" im Landkreis N\u00fcrnberger Land<\/span>\n\t\t\t\t\t\t\t\t\t\t\t<\/a>\n\t\t\t\t\t\t\t\t\t<\/li>\n\t\t\t\t\t\t\t\t<li class=\"elementor-icon-list-item\">\n\t\t\t\t\t\t\t\t\t\t\t<a href=\"https:\/\/nachhilfe.schulen-nl.de\/nachhilfee-wp\/wp-content\/uploads\/2022\/07\/STZ_Sechs_Menschen_des_Jahres_im_Freistaat.pdf\" target=\"_blank\">\n\n\t\t\t\t\t\t\t\t\t\t\t\t<span class=\"elementor-icon-list-icon\">\n\t\t\t\t\t\t\t<i aria-hidden=\"true\" class=\"far fa-file-pdf\"><\/i>\t\t\t\t\t\t<\/span>\n\t\t\t\t\t\t\t\t\t\t<span class=\"elementor-icon-list-text\"><strong>S\u00fcddeutsche Zeitung<\/strong> \u2013 Sechs Menschen des Jahres im Freistaat<\/span>\n\t\t\t\t\t\t\t\t\t\t\t<\/a>\n\t\t\t\t\t\t\t\t\t<\/li>\n\t\t\t\t\t\t\t\t<li class=\"elementor-icon-list-item\">\n\t\t\t\t\t\t\t\t\t\t\t<a href=\"https:\/\/nachhilfe.schulen-nl.de\/nachhilfee-wp\/wp-content\/uploads\/2022\/07\/STZ_Wie_NachhilFEEN_Bru\u0308cken_bauen.pdf\" target=\"_blank\">\n\n\t\t\t\t\t\t\t\t\t\t\t\t<span class=\"elementor-icon-list-icon\">\n\t\t\t\t\t\t\t<i aria-hidden=\"true\" class=\"far fa-file-pdf\"><\/i>\t\t\t\t\t\t<\/span>\n\t\t\t\t\t\t\t\t\t\t<span class=\"elementor-icon-list-text\"><strong>S\u00fcddeutsche Zeitung<\/strong> \u2013 Wie \"NachhilFEEN\" Br\u00fccken bauen<\/span>\n\t\t\t\t\t\t\t\t\t\t\t<\/a>\n\t\t\t\t\t\t\t\t\t<\/li>\n\t\t\t\t\t\t<\/ul>\n\t\t\t\t\t\t<\/div>\n\t\t\t\t<\/div>\n\t\t\t\t\t<\/div>\n\t\t<\/div>\n\t\t\t\t\t<\/div>\n\t\t<\/section>\n\t\t\t\t<section class=\"elementor-section elementor-top-section elementor-element elementor-element-5012b0b elementor-section-full_width elementor-section-height-default elementor-section-height-default\" data-id=\"5012b0b\" data-element_type=\"section\" data-e-type=\"section\">\n\t\t\t\t\t\t<div class=\"elementor-container elementor-column-gap-default\">\n\t\t\t\t\t<div class=\"elementor-column elementor-col-100 elementor-top-column elementor-element elementor-element-531e49a\" data-id=\"531e49a\" data-element_type=\"column\" data-e-type=\"column\">\n\t\t\t<div class=\"elementor-widget-wrap elementor-element-populated\">\n\t\t\t\t\t\t<div class=\"elementor-element elementor-element-5f53d0a elementor-widget elementor-widget-html\" data-id=\"5f53d0a\" data-element_type=\"widget\" data-e-type=\"widget\" data-settings=\"{&quot;_animation&quot;:&quot;none&quot;}\" data-widget_type=\"html.default\">\n\t\t\t\t<div class=\"elementor-widget-container\">\n\t\t\t\t\t<div id=\"container\" class=\"cols\">\n    <div class=\"box one\">\n        \n        <p>Die Arbeit mit den Kindern macht gro\u00dfen Spa\u00df, weil man das Gef\u00fchl hat f\u00fcr diese Kinder da sein zu k\u00f6nnen und ihnen in Kleingruppen oder ggf. auch mal einzeln gro\u00dfe Aufmerksamkeit schenken kann. Dass die Kinder diese Zeit f\u00fcr sich nutzen und genie\u00dfen zeigt mir, dass sie gerne in die \"Nachhilfe\" gehen und nicht um Freizeit zu haben, sondern freiwillig zum Lernen und \u00dcben zu begeistern sind. Auch in der Parallelklasse, die ebenfalls eine 4. Klasse ist kommen die Kinder gerne zu mir und wir nutzen die Zeit oft f\u00fcr Kopfrechnen, Ein mal Eins im Spiel ganz kreativ. Es ist sch\u00f6n wie z.b. ein anfangs ganz sch\u00fcchterner Junge immer offener wurde und strahlt, wenn er seine Fortschritte im Vergleich mit \"Gleichen\" bemerkt und in dieser Kleingruppe auch mal Erfolge erleben kann, die in der ganzen Klasse eher untergehen oder ausbleiben.<\/p>\nDie meisten Kinder sind zuhause oft auf sich alleine gestellt, weil Eltern nicht die Zeit haben sie beim Lernen viel zu unterst\u00fctzen.<\/p>  \n<p>  \nIn Einzelsituationen konnten auch tiefere Gespr\u00e4che \u00fcber die Wichtigkeit von Hausaufgaben oder das Ordnung halten und F\u00fchren von Heften usw gef\u00fchrt werden. Ganz praktisch sah das dann ggf. auch so aus, dass Hefteintr\u00e4ge sortiert wurden um \u00fcberhaupt eine Vorbereitung zum Lernen zu schaffen. Ich habe die Erfahrung gemacht, dass Kinder mit jemand \"Au\u00dfenstehenden\" auch teilweise ganz ehrlich und offen von zuhause erz\u00e4hlen k\u00f6nnen. Sie sind in dieser Situation einfach froh mal ein offenes Ohr oder Beistand zu erfahren.\n<\/div>\n\n<div class=\"box two\">Mir hat\u00b4s gefallen!<\/div>\n\n    <div class=\"box one\">\u201eDas ist der tollste Schultag \u00fcberhaupt\u201c sagte eine Sch\u00fclerin gleich zu Beginn meines Einsatzes als NachhilFEE. Sie war begeistert davon, dass sie zusammen mit einer Freundin \u00dcbungen machen durfte, von denen der Rest der Klasse gar nichts mitbekam. Unterricht eigens auf sie und ihre Bed\u00fcrfnisse zugeschnitten. Da ich nun bereits seit l\u00e4ngerer Zeit als NachhilFEE t\u00e4tig bin, kann ich sagen, dass das Projekt f\u00fcr alle Beteiligten einen gro\u00dfen Gewinn bringt. Die Sch\u00fclerinnen und Sch\u00fcler erhalten Unterst\u00fctzung in ihrem Lernprozess. Der Lehrkraft wird ein St\u00fcck Arbeit abgenommen und ich als Lehramtsstudentin kann Erfahrungen in der Arbeit mit Kindern sammeln. Das NachhilFEE Projekt hat mir schon viele Einblicke in meinen sp\u00e4teren Beruf erm\u00f6glicht und ich freue mich jedes Mal, wenn ich an die Schule komme.\n<\/div>\n\n<div class=\"box one\"><p>Mein Einsatz findet an der Grundschule statt. Das ist ein gro\u00dfer Gl\u00fccksgriff f\u00fcr mich. Ich wurde dort freudig und mit offenen Armen, vor Allem mit sehr viel Respekt und Wertsch\u00e4tzung, aufgenommen. Auch meine Einweisung wurde sehr ernst genommen und hat mir den Einstieg einfach gemacht.\n<\/p>  \n<p>\nAls Erstes startete ich mit zwei Jungs (2. Klasse) im Fach Deutsch. Ein Kind hat einen Migrationshintergrund und das andere Kind ist in seiner Entwicklung verz\u00f6gert, fehlt es ganz besonders an Selbstwert.\n<\/p>    \n <p> <p>In erster Linie \u00fcben wir das Lesen. Die Kinder haben hier gro\u00dfe Schwierigkeiten und durch die Zeiten von Corona wohl noch gr\u00f6\u00dfere L\u00fccken.\n<\/p>   \nDurch die Einzelbetreuung kann ich konkret auf die Bed\u00fcrfnisse der Kinder eingehen. Lernen, spielen und vor Allem Spa\u00df haben. Humor darf nicht fehlen!<\/p>\n<\/div>\n<div class=\"box two\">Es hat viel Spa\u00df gemacht!<\/div>\n<div class=\"box one\">Meistens bekomme ich von der zust\u00e4ndigen Lehrkraft Unterrichtsmaterial zum Nacharbeiten oder ich lese mit den Kindern ein Buch, wir arbeiten an Arbeitsbl\u00e4ttern. Ebenso kommt z. B. der Igelball zum Einsatz. Manche Kinder m\u00fcssen erst einmal entspannen, um \u00fcberhaupt aufnahmef\u00e4hig zu sein.\n<p><\/p>    \nGerade Deutsch (das Lesen im Besonderen) ist meiner Meinung nach ja so elementar\u2026 es ist das Tor zur Welt!\n<p><\/p>    \nDie zwei Jungs kommen gerne zu mir, wir haben immer eine gute Zeit und viel Freude.\n<p><\/p>    \nEs f\u00e4llt auf, dass gerade bei den M\u00e4dchen der 2. Klasse viel Stoff der 1. Klasse noch nicht vertieft ist.  So entstehen immer gr\u00f6\u00dfere L\u00fccken und die Kinder verlieren den Anschluss. Zeitgleich zeigen sich Probleme bei der Aufmerksamkeit und Konzentration sowie Struktur. Andere Kinder wiederum fehlt es an Selbstwert. Sicherlich wurden die wohl schon vorhandenen Probleme durch Corona noch verst\u00e4rkt.\n<p><\/p>    \nAuch in diesem Bereich bekomme ich von der zust\u00e4ndigen Lehrkraft Unterrichtsmaterial zu den Bereichen mit Defiziten. Die Stunde selbst kann ich dann frei gestalten. Dieser Freiraum macht mir sehr viel Freude.\n<p><\/p>    \nSo hoffe ich, dass ich jedem einzelnem Sch\u00fcler ein St\u00fcck des Weges begleiten und f\u00f6rdern kann. Es ist mir ein Anliegen den Sch\u00fclern die Freude am Lernen zu erhalten, nicht aufgeben, dran bleiben und jedes Kind ist wertvoll! Mir selbst macht diese Aufgabe sehr viel Freude. So hoffe ich, dass dieses Projekt weiterhin gef\u00f6rdert wird.\nDenn \u2013 was gibt es Wichtigeres als unsere Kinder!!\n<\/div>\n<div class=\"box two\">Meine Eltern haben auch immer gefragt, was wir gemacht haben und dann habe ich er ihnen erz\u00e4hlt und erkl\u00e4ren k\u00f6nnen.<\/div>\n<div class=\"box one\">Als NachhilFee befindet man sich in einer wunderbaren Position, in der es m\u00f6glich ist, mit Witz und guter Laune auf die einzelnen Bed\u00fcrfnisse und schulischen Defizite eines jeden Kindes in vielf\u00e4ltiger Weise, ohne Druck auszu\u00fcben, einzugehen.Da gab es die Kinder, die stets als Letzte gew\u00e4hlt wurden, wenn es beim Sport darum ging, die Mannschaften einzuteilen. Durch ein spezielles Wurf- und Fangtraining der NachhilFee ver\u00e4nderte sich nicht nur die Einstellung der Sch\u00fcler zum unbeliebten Ballspiel im Sportunterricht, sondern ihre Akzeptanz in der Klasse nahm in gleicher Weise zu wie ihr Selbstwertgef\u00fchl. Bei Kinder aus Familien mit Migrationshintergrund hat sich gezeigt, dass das laut Lesen ihnen dabei hilft, unbekannte W\u00f6rter so lange zu lesen, bis sie sie auch verstanden haben. Das gelesene Wort \u201eregenlos\u201c ergibt im Satzzusammenhang keinen Sinn. Das Wort \u201ereglos\u201c dagegen schon. Meiner Erfahrung nach ist es auch nicht unbedingt n\u00f6tig korrigierend einzugreifen, da die Kinder beim Lesen oft stutzig werden, sich fragend umsehen und dann selbst nach nochmaligem Versuchen auf das richtige Wort kommen, das sie dann meist mehrmals stolz wiederholen. Ein Lob ist ihnen sicher!<\/div>\n<div class=\"box one\"> Beim Projekt NachhilFee gibt es meiner Meinung nach nur Gewinner. Die Lehrkr\u00e4fte werden entlastet, die Kinder gezielt gef\u00f6rdert und je nach Situation motiviert, gelobt, ernst genommen, getr\u00f6stet, best\u00e4tigt und stets wert gesch\u00e4tzt. Wenn Kinder gerne in die Schule gehen, Spa\u00df am Lernen haben und sich dort gut aufgehoben und umsorgt f\u00fchlen, freuen sich auch die Eltern. Und die NachhilFee? Die freut sich, wenn die Kinder freudestrahlend erz\u00e4hlen, dass sie dies oder jenes geschafft haben oder eine gute Note geschrieben haben. Die freut sich, wenn sie aus heiterem Himmel einen bunt angemalten Kieselstein, ein selbst gemaltes Bild oder Gummib\u00e4rchen geschenkt bekommt oder auf dem Schulweg schon von weitem mit heftigem Winken und Rufen begr\u00fc\u00dft wird. Was will man mehr?<\/div>\n<div class=\"box two\">Ich habe sehr gerne mit den beiden gelernt! Es war cool!<\/div>\n<div class=\"box one\">Das NachhilFEE-Projekt wird bei uns an unserer Schule sehr gut angenommen. \nEinige Lehramtsstudenten sind am Vormittag eingesetzt und k\u00f6nnen mit einer kleinen Gruppe im Rahmen eines \u00dcbungsplans arbeiten oder aber auch einzelne Kinder individuell f\u00f6rdern.<p><\/p>    \nAuch am Nachmittag haben wir NachhilFEEn, die sich ebenfalls mit gro\u00dfem Engagement und viel Erfahrung um einzelne Kinder oder um kleine Gruppen von Kindern k\u00fcmmern. \n<p><\/p>    \nDie Zusammenarbeit mit den jeweiligen Lehrkr\u00e4ften ist sehr gewinnbringend.\n<p><\/p>    \nDie Kinder genie\u00dfen diese Hilfe sowohl im fachlichen als auch im sozialen Bereich. Alle unsere NachhilFEEn sind bestrebt, die Kinder auch emotional zu unterst\u00fctzen, da ein Lernen nur m\u00f6glich ist, wenn die Seele gesund ist.\nAuch der Elternbeirat ist sehr angetan von dem Projekt.\n<\/div>\n\n<div class=\"box one\">Die ersten Wochen meiner Zeit als Nachhilfee sind schon zu Ende und als aller erstes m\u00f6chte ich mich f\u00fcr diese tolle M\u00f6glichkeit bedanken, mit den Kindern zu arbeiten. Jeden Freitagmorgen betrete ich das Klassenzimmer und alle Kinder kommen angerannt und erz\u00e4hlen mir was in ihren Adventskalender war, was sie die Woche \u00fcber erlebt haben, wie ihr Haustiere hei\u00dfen, welche Pl\u00e4tzchen sie am liebsten m\u00f6gen und was sie sich zu Weihnachten w\u00fcnschen. Wenn ich dann sp\u00e4ter mit Jan, einen kleinen Jungen, alleine Schreiben \u00fcbe und er voller stolz erz\u00e4hlt, dass er extra die Woche noch mal ge\u00fcbt hat, freue ich mich einfach nur. Er hat in den letzten drei Wochen nun schon etwas vertrauen zu mir aufgebaut und freut sich jedes Mal, wenn ich mit ihm arbeite. \nF\u00fcr diese vielen tollen Erlebnisse m\u00f6chte ich mich bedanken.\n<\/div>\n  <div class=\"box two\">Man kommt \u00f6fter dran.<\/div>  \n\n<div class=\"box one\">Mir geht es an der Grundschule sehr gut, die Arbeit mit den Kindern ist sehr erf\u00fcllend, teilweise selbstverst\u00e4ndlich auch \nanstrengend, aber vor allem macht jede Minute Spa\u00df!<p><\/p>    \nEine kleine Anekdote, oder vielmehr ein Zitat aus einer meiner heutigen Stunden:\nIch, als mir ein neues Federm\u00e4ppchen gezeigt wurde: \"Toll! Ich hatte nicht so ein cooles Federm\u00e4ppchen!\"\nMoritz, der Junge, der mir das Federm\u00e4ppchen gezeigt hat: \"Daf\u00fcr bist du \njetzt cool!\"\nBei solch kleinen, spontanen und doch so herzlichen Situationen \nzerschmilzt mir regelm\u00e4\u00dfig das Herz und ich werde t\u00e4glich, wenn nicht \nsogar st\u00fcndlich, mehrmals daran erinnert, warum ich an der Schule bin, so \ngerne mit Kindern arbeite und Lehrer zu meinem Beruf machen m\u00f6chte!\n<p><\/p>    \nVielen Dank, dass Sie mir diese tolle Zeit an der Schule erm\u00f6glichen!\n<\/div>\n\n<div class=\"box one\">Als ich im November 2021 als NachhilFEE an der Grundschule eingesetzt wurde, habe ich mit 8 Stunden in der Woche begonnen. Ich wurde bzw. werde sowohl f\u00fcr die F\u00f6rderung einzelner Kinder w\u00e4hrend des Unterrichts eingesetzt, als auch f\u00fcr kognitives und soziales Lernen in Kleingruppen nach Schulschluss. <p><\/p>    \nDas Programm wird seit Tag eins von allen Lehrkr\u00e4ften dankend angenommen. Auch viele Kinder bedanken sich bei mir herzlich f\u00fcr meine Unterst\u00fctzung. <p><\/p>    \nMittlerweile sind es w\u00f6chentlich fast 10 Stunden, die ich gerne an der Schule verbringe, da sich die Reaktionen auf das Programm weiter herum gesprochen haben und ich nun zus\u00e4tzlich auch eine Kleingruppe aus Erstkl\u00e4sslern beim Lesen f\u00f6rdern darf. <p><\/p>    \nAuch nach sechs Monaten wird mir und dem Programm von allen Seiten Wertsch\u00e4tzung und Dankbarkeit entgegengebracht. \nAussagen wie \"Sch\u00f6n, dass du da bist!\" und \"Vielen Dank f\u00fcr deinen Einsatz!\" bekomme ich t\u00e4glich zu h\u00f6ren. \nIch gehe sehr gern in die Grundschule und mir macht es unheimlich viel Spa\u00df, die Sch\u00fcler und Sch\u00fclerinnen zu unterst\u00fctzen. <p><\/p>    \nIch bin auch sehr dankbar \u00fcber die praktische Erfahrung, die ich hier neben meinem Lehramtsstudium sammeln darf. <p><\/p>    \nZusammenfassend kann ich also nur noch einmal sagen, dass vom NachhilFEE-Programm alle Beteiligten profitieren und es in Zeiten der Pandemie umso wichtiger ist, um den Kindern Geh\u00f6r zu schenken und ihnen Sicherheit zu vermitteln.\nAn dieser Stelle vielen, vielen Dank an alle, die bei NachhilFEE mitwirken und uns dies erm\u00f6glichen!\n<\/div>\n\n<div class=\"box one\">Es freut mich sehr, dass das Projekt in die engere Auswahl gekommen ist, da ich es als ein sehr wichtiges Projekt sehe. Mir bereitet es viel Freude als NachilFee t\u00e4tig zu sein und so vor allem Jugendliche aus der 7. und 8. Klasse bei der Bew\u00e4ltigung der schulischen Anforderungen unterst\u00fctzen zu k\u00f6nnen. Ich freue mich sehr \u00fcber die Fortschritte, welche die Jugendlichen machen. Au\u00dferdem finde ich es auch sehr sch\u00f6n, dass das Vertrauen, welches die Jugendlichen mir entgegen bringen von Stunde zu Stunde w\u00e4chst. Ich hoffe sehr, dass das Projekt noch sehr lange fortgef\u00fchrt wird und so vielen Jugendlichen und Kindern geholfen werden kann.<\/div>\n  <div class=\"box two\">Ich verstehe jetzt Sachaufgaben besser.<\/div>  \n\n<div class=\"box one\">Ich bin gerne als NachhilFee an der Grundschule t\u00e4tig, da ich vielen Sch\u00fclerinnen und Sch\u00fclern helfen kann ihre Lerndefizite, welche teils aufgrund des Corona-Lockdowns entstanden sind, aufzuholen.<p><\/p>    \nAu\u00dferdem erm\u00f6glicht mir die regelm\u00e4\u00dfige Arbeit mit Kindern im Rahmen meines Grundschullehramtsstudiums praktische Erfahrung zu sammeln.<p><\/p>    \nDar\u00fcber hinaus ist es f\u00fcr mich auch sch\u00f6n zu sehen, wenn die Kinder ihre pers\u00f6nlich gesetzten Lernerfolge erzielen und sie somit wieder mehr Selbstbewusstsein erlangen.<p><\/p>    \nMan bekommt zudem auch sehr viel positives Feedback von den Sch\u00fclerinnen und Sch\u00fclern zur\u00fcck. Sie besuchen jedes Mal gerne die F\u00f6rderstunden und freuen sich \u00fcber die Aufmerksamkeit, die sie im Klassenverband sonst nicht in diesem Ausma\u00df bekommen k\u00f6nnen.\n<\/div>\n<div class=\"box two\">Es hat mir geholfen, alles besser zu verstehen.<br>\n<\/div>\n<div class=\"box one\">Ich habe durchweg positive Erfahrungen als NachhilFEE gemacht. Die Zusammenarbeit mit Ihnen, der Schule und den Eltern nehme ich als sehr positiv wahr. Bei Problemen und Fragen finden sich sehr schnell AnsprechpartnerInnen. <p><\/p>    \nMeine Nachhilfesch\u00fclerin ist fast jedes Mal sehr motiviert und selbst an Tagen an denen sie nicht so motiviert war, ging sie mit einem positiven Gef\u00fchl nach Hause. Das eine Mal hat sie etwas besonders gut gemacht worauf sie dann so stolz war, dass sie von der Lehrerin eine Unterschrift (Kenntnisnahme) eingefordert hat. Es stimmt mich und meine Nachhilfesch\u00fclerin ein wenig traurig, dass sie im September auf eine weiterf\u00fchrende Schule gehen wird und ich ihr keine Nachhilfe mehr geben kann. Trotzdem bin ich sehr stolz darauf, welche Fortschritte sie gemacht hat. Neben den Inhalten hat sie gelernt, ihre Fortschritte und Probleme selbst festzustellen. Gerade \u00fcben wir an dem selbstst\u00e4ndigen Arbeiten. \n<\/div>\n<div class=\"box two\">Ich bin jetzt besser in der Schule.\n<\/div>\n<div class=\"box one\">Ich bin nun an der Mittelschule an 2 Tagen in der Woche am Vormittag 2 Stunden t\u00e4tig.<p><\/p>    \nZu mir kommen Sch\u00fcler\/innen der Klassen 8 und 9. Vordergr\u00fcndig geht es um Deutsch Mathe, Englisch. Mir wurde von den Lehrer\/innen mitgeteilt, dass in diesen F\u00e4chern gro\u00dfer Nachholbedarf besteht. Dies v.a. bedingt durch die Pandemie. In der 9. Klasse besteht mittlere Aufregung, da die Pr\u00fcfungen zum Qualifizierenden Hauptschulabschluss anstehen und gro\u00dfe Unsicherheit besteht, wie viele Sch\u00fcler\/innen diesen in diesem Jahr \u00fcberhaupt bestehen werden. <p><\/p>    \nMeine Stunden mit den Jugendlichen gliedern sich i.d.R. zur H\u00e4lfte in Stoffbearbeitung und -\u00fcbung, zur anderen H\u00e4lfte um Fragen des Lebens, der Lebensbew\u00e4ltigung, Reflexion der erlebten Situation in der Schule und v.a. zu Fragen der Zukunft und einer m\u00f6glichen Berufswahl. Dabei machen die Jugendlichen, die Erfahrung in einem ungezwungenen Rahmen mit einer Person des Vertrauens sprechen zu k\u00f6nnen. Ein Gespr\u00e4ch auf gleicher Augenh\u00f6he erleben manche erstmals als entspannend und wohltuend. Jugendliche, die teilweise aus prek\u00e4ren Familienverh\u00e4ltnissen stammen machen dabei neue Erfahrungen. Einige von ihnen m\u00fcssen bereits zu Hause Eltern(teile) ersetzen und sind bereits in der Verantwortung wie Erwachsene bei der   F\u00fchrung eines Haushaltes (z.B. f\u00fcr Gro\u00dfelter, Geschwister) mit Einkaufen, Essen zubereiten, W\u00e4sche waschen, Wohnung reinigen etc.<p><\/p>    \nDas Angebot NachhilFEE kann hier zu einer gewissen psychischen Entlastung f\u00fchren wobei dazu eigentlich noch viel mehr Angebote notwendig w\u00e4ren, die auf mehr Nachhaltigkeit ausgerichtet sein m\u00fcssten. <p><\/p>    \nMir pers\u00f6nlich macht diese T\u00e4tigkeit sehr viel Freude, da ich davon \u00fcberzeugt bin, dass dieses Angebot au\u00dferordentlich hilfreich und sinnvoll ist.\n<\/div>\n    \n  <div class=\"box two\">Jetzt kann ich Minus rechnen.<\/div>  \n    <div class=\"box one\">Seit November 2021 bin ich, f\u00fcr zwei Stunden die Woche, an der Grundschule eingesetzt. Ich f\u00f6rdere sowohl vereinzelte Kinder w\u00e4hrend des Unterrichts, als auch kleinere Gruppen nach dem regul\u00e4ren Unterricht. Meistens f\u00f6rdere ich sie in den F\u00e4chern Deutsch und Mathe. <p><\/p>    \nIch gehe sehr gerne an die Grundschule, da es mir unfassbar viel Spa\u00df macht die Kinder zu f\u00f6rdern und zu sehen, wie sie sich weiterentwickeln und meine Hilfe dankend annehmen.\nDiese Dankbarkeit und Wertsch\u00e4tzung bekommt man einerseits von den Kindern zu h\u00f6ren, in S\u00e4tzen wie: \u201eSch\u00f6n, dass du wieder da bist! Mit dir macht das Lernen immer so viel Spa\u00df!\u201c, aber auch von dem gesamten Lehrerkollegium. <p><\/p>    \nAuch ich pers\u00f6nlich finde das Lernklima an der Schule total sch\u00f6n! Man erf\u00e4hrt immer Unterst\u00fctzung von den Lehrkr\u00e4ften, wenn man selbst einmal Hilfe ben\u00f6tigt. <p><\/p>    \nIch kann nur sagen, dass ich sehr froh und gl\u00fccklich dar\u00fcber bin, als NachhilFEE eingesetzt zu werden. Vor allem die praktische Erfahrung, die ich hierbei f\u00fcr mein Studium und den sp\u00e4teren Lehrerberuf sammeln kann ist echt toll.<p><\/p>    \nAuch die Sch\u00fclerinnen und Sch\u00fcler profitieren enorm von der Unterst\u00fctzung, die sie durch uns NachhilFEEN bekommen.\n<\/div>\n\n<div class=\"box two\">Meine Schrift ist sch\u00f6ner.\n<\/div>\n<div class=\"box one\">Bisher bin ich wirklich sehr \u00fcberzeugt von der Wirkung und Wichtigkeit des NachhilFEE-Programmes.\nDurch meinen Einsatz an der Schule habe ich gemerkt, wie schwer es oft ist, als Lehrkraft einzelnen Kindern eine differenzierte Eigenbetreuung \/-f\u00f6rderung zu bieten.\nDurch die Hilfe der NachhilFEEn habe ich bei vielen Kindern gemerkt, dass sich die oft nicht mal so gro\u00dfe \"Leistungsl\u00fccke\", die sich gr\u00f6\u00dftenteils durch die Corona-Onlineunterrichts-Phase gebildet hat, sichtlich verkleinert hat.<p><\/p>    \nBei einigen Sch\u00fclern hat das Programm sogar so gut gewirkt, dass diese nach einem gewissen Zeitraum gar nicht mehr auf eine Einzelf\u00f6rderung angewiesen waren.<p><\/p>    \nVon den Sch\u00fclern habe ich auch bisher nur positive Reaktionen gewonnen, und es wurde sich anscheinend sehr oft auf die NachhilFEE-Zeiten gefreut. <p><\/p>    \nZusammenfassend bin ich sehr \u00fcberzeugt vom NachhilFEE Programm, da es zum einen als NachhilFEE sehr Spa\u00df macht, einen sch\u00f6nen Einblick ins Grundschulleben bietet, den Kindern hilft und auch viele Lehrkr\u00e4fte entlasten kann.\n<\/div>\n<div class=\"box two\">Ich lese jetzt genauer und schneller.\n<\/div>\n\n<div class=\"box one\">Innerhalb des letzten Monats habe ich viele sch\u00f6ne Erinnerungen mit den Kindern Sammeln k\u00f6nnen und vor allem auch mit Kindern, die wirklich Hilfe brauchen oder einfach  nur jemanden zum Reden. Es ist sch\u00f6n festzustellen, dass das Vertrauen der Kinder Tag f\u00fcr Tag w\u00e4chst und sie einem sehr viel anvertrauen. Vielen Dank noch einmal f\u00fcr diese tolle M\u00f6glichkeit so eine Verbindung zu den Kindern aufbauen zu k\u00f6nnen.<\/div>\t\t\t\t<\/div>\n\t\t\t\t<\/div>\n\t\t\t\t\t<\/div>\n\t\t<\/div>\n\t\t\t\t\t<\/div>\n\t\t<\/section>\n\t\t\t\t<\/div>\n\t\t","protected":false},"excerpt":{"rendered":"<p>Viele gl\u00fcckliche Sch\u00fcler*innen &amp; NachhilFEEn Mittlerweile nehmen knapp 43\u00a0der Grund- und Mittelschulen in\u00a0 den Landkreisen N\u00fcrnberger Land und Roth das NachhilFEE Angebot seit dem Schuljahr 2021\/2022 in Anspruch. In Rahmen einer Kooperation mit gemeinsam. Br\u00fccken. bauen., dem F\u00f6rderprogramm der Bayerischen Staatsregierung. Rund 150 flei\u00dfige Feen k\u00fcmmern sich aktuell um die Sch\u00fcler und Sch\u00fclerinnen. Das Projekt [&hellip;]<\/p>\n","protected":false},"author":1,"featured_media":0,"parent":0,"menu_order":0,"comment_status":"closed","ping_status":"closed","template":"","meta":{"inline_featured_image":false,"iawp_total_views":385,"footnotes":""},"class_list":["post-899","page","type-page","status-publish","hentry"],"_links":{"self":[{"href":"https:\/\/nachhilfe.schulen-nl.de\/nachhilfee-wp\/wp-json\/wp\/v2\/pages\/899","targetHints":{"allow":["GET"]}}],"collection":[{"href":"https:\/\/nachhilfe.schulen-nl.de\/nachhilfee-wp\/wp-json\/wp\/v2\/pages"}],"about":[{"href":"https:\/\/nachhilfe.schulen-nl.de\/nachhilfee-wp\/wp-json\/wp\/v2\/types\/page"}],"author":[{"embeddable":true,"href":"https:\/\/nachhilfe.schulen-nl.de\/nachhilfee-wp\/wp-json\/wp\/v2\/users\/1"}],"replies":[{"embeddable":true,"href":"https:\/\/nachhilfe.schulen-nl.de\/nachhilfee-wp\/wp-json\/wp\/v2\/comments?post=899"}],"version-history":[{"count":503,"href":"https:\/\/nachhilfe.schulen-nl.de\/nachhilfee-wp\/wp-json\/wp\/v2\/pages\/899\/revisions"}],"predecessor-version":[{"id":2568,"href":"https:\/\/nachhilfe.schulen-nl.de\/nachhilfee-wp\/wp-json\/wp\/v2\/pages\/899\/revisions\/2568"}],"wp:attachment":[{"href":"https:\/\/nachhilfe.schulen-nl.de\/nachhilfee-wp\/wp-json\/wp\/v2\/media?parent=899"}],"curies":[{"name":"wp","href":"https:\/\/api.w.org\/{rel}","templated":true}]}}